{"id":1558,"date":"2023-10-19T14:37:01","date_gmt":"2023-10-19T12:37:01","guid":{"rendered":"https:\/\/www.postamarcucci.it\/das-wasser\/wellnesstage\/"},"modified":"2026-04-02T14:57:44","modified_gmt":"2026-04-02T12:57:44","slug":"day-spa","status":"publish","type":"page","link":"https:\/\/www.lapostahotel.it\/de\/therme-und-spa\/day-spa\/","title":{"rendered":"Day SPA"},"content":{"rendered":"<div class=\"wpb-content-wrapper\"><p>[vc_row full_width=&#8221;stretch_row_content_no_spaces&#8221; content_placement=&#8221;middle&#8221; parallax=&#8221;content-moving&#8221; parallax_speed_bg=&#8221;1.3&#8243; css=&#8221;.vc_custom_1739209400801{padding-top: 3em !important;padding-bottom: 3em !important;background-color: #FFFFFF !important;background-position: 0 0;background-repeat: no-repeat !important;}&#8221;][vc_column width=&#8221;5\/6&#8243; offset=&#8221;vc_col-lg-offset-3 vc_col-lg-6 vc_col-md-offset-2 vc_col-md-8 vc_col-sm-offset-1 vc_col-xs-offset-1 vc_col-xs-10&#8243;]<h1 class=\"deco-title centro with-subtitle\"><span>Day SPA<br><mark>F\u00fcr Tagesg\u00e4ste<\/mark><\/span><\/h1>[vc_column_text css=&#8221;&#8221; el_class=&#8221;text-big&#8221;]<\/p>\n<p style=\"text-align: center;\">Ob f\u00fcr einen ganzen Tag oder nur einen Teil davon \u2013 wir laden Sie ein, die Augen zu schlie\u00dfen und die Val d&#8217;Orcia einzuatmen, w\u00e4hrend das sanfte Rauschen des Wassers in Bagno Vignoni Ihre Haut umschmeichelt.<\/p>\n<p style=\"text-align: center;\"><em>Unser Haus ist so gestaltet, dass es Ruhe und Wohlf\u00fchlr\u00e4ume bietet. Leider gibt es keine geeigneten Bereiche f\u00fcr Kinder. Aus diesem Grund begr\u00fc\u00dfen wir G\u00e4ste erst ab 14 Jahren. <\/em><\/p>\n<p>[\/vc_column_text]<div class=\"button-wrapper centro\">\n\t\t\t\t\t<a class=\"btn btn-default\" href=\"https:\/\/reservations.verticalbooking.com\/\/sp_prenota_trattamenti.htm?id_stile=20354&lingua_int=eng&id_albergo=26677&dc=8527\" target=\"_blank\" title=\"Buchen Sie jetzt\">Buchen Sie jetzt<\/a>\n\t\t\t\t<\/div>[\/vc_column][\/vc_row][vc_row full_width=&#8221;stretch_row&#8221; gap=&#8221;35&#8243; equal_height=&#8221;yes&#8221; content_placement=&#8221;middle&#8221; css=&#8221;.vc_custom_1741005145347{padding-top: 4em !important;background-color: #F5F5F5 !important;}&#8221;][vc_column width=&#8221;1\/2&#8243; el_class=&#8221;white-bg-deco green-border-deco shadow p-4&#8243; offset=&#8221;vc_col-lg-3&#8243;]<h4 class=\"deco-title centro\"><span>Ein Tag im Spa<\/span><\/h4>[vc_column_text css=&#8221;&#8221;]<\/p>\n<p style=\"text-align: center;\">Eintritt 55 \u20ac<\/p>\n<p style=\"text-align: center;\">Eintritt zu den Pools ab 9:30 Uhr<br \/>\nund Nutzung der Einrichtungen bis 18:00 Uhr<\/p>\n<p>[\/vc_column_text][\/vc_column][vc_column width=&#8221;1\/2&#8243; el_class=&#8221;white-bg-deco green-border-deco shadow p-4&#8243; offset=&#8221;vc_col-lg-3&#8243;]<h4 class=\"deco-title centro\"><span>Wohlf\u00fchlzeit<\/span><\/h4>[vc_column_text css=&#8221;&#8221;]<\/p>\n<p style=\"text-align: center;\">Eintritt 40 \u20ac<\/p>\n<p style=\"text-align: center;\">Eintritt zu den Pools ab 11:00 Uhr<br \/>\nund Nutzung der Einrichtungen bis 15:00 Uhr<\/p>\n<p>[\/vc_column_text][\/vc_column][vc_column width=&#8221;1\/2&#8243; el_class=&#8221;white-bg-deco green-border-deco shadow p-4&#8243; offset=&#8221;vc_col-lg-3&#8243;]<h4 class=\"deco-title centro\"><span>Morgen im Spa<\/span><\/h4>[vc_column_text css=&#8221;&#8221;]<\/p>\n<p style=\"text-align: center;\">Eintritt 40 \u20ac<\/p>\n<p style=\"text-align: center;\">Eintritt zu den Pools ab 9:30 Uhr<br \/>\nund Nutzung der Einrichtungen bis 13:30 Uhr<\/p>\n<p>[\/vc_column_text][\/vc_column][vc_column width=&#8221;1\/2&#8243; el_class=&#8221;white-bg-deco green-border-deco shadow p-4&#8243; offset=&#8221;vc_col-lg-3&#8243;]<h4 class=\"deco-title centro\"><span>Nachmittag im Spa<\/span><\/h4>[vc_column_text css=&#8221;&#8221;]<\/p>\n<p style=\"text-align: center;\">Eintritt 40 \u20ac<\/p>\n<p style=\"text-align: center;\">Eintritt zu den Pools ab 14:00 Uhr<br \/>\nund Nutzung der Einrichtungen bis 18:00 Uhr<\/p>\n<p>[\/vc_column_text][\/vc_column][vc_column][vc_column_text css=&#8221;&#8221;]<\/p>\n<p style=\"text-align: center;\" data-start=\"28\" data-end=\"91\"><em>Der Preis beinhaltet die Leihe von Handtuch und Bademantel.<\/em><\/p>\n<p style=\"text-align: center;\" data-start=\"93\" data-end=\"184\" data-is-last-node=\"\" data-is-only-node=\"\"><em>Jeden Donnerstag ist eines der drei Becken aufgrund von Wartungsarbeiten nicht nutzbar.<\/em><\/p>\n<p>[\/vc_column_text][\/vc_column][\/vc_row][vc_row css=&#8221;.vc_custom_1739211498883{padding-top: 2em !important;padding-bottom: 2em !important;}&#8221;][vc_column]<div id=\"comfort-day-use\" class=\"feature-carousel-wrapper reverse \">\n\t\t\t\t\t\t\t<div class=\"features-carousel\" style=\"--features-carousel-color:#7A736F;\">\n\t\t\t\t\t\t\t\t<div class=\"row g-0\">\n\t\t\t\t\t\t\t\t\t<div class=\"col-lg-8 col-12 features-carousel-cycler order-last\">\n\t\t\t\t\t\t\t\t\t\t<img decoding=\"async\" class=\"active\" src=\"https:\/\/www.lapostahotel.it\/wp-content\/uploads\/2025\/12\/0016_AP-16-2.jpg\" alt=\"Due persone immerse in una piscina termale all\u2019aperto al tramonto, avvolte da una leggera foschia. Il sole basso illumina l\u2019acqua con riflessi dorati, mentre sullo sfondo si intravedono palme e vegetazione, creando un\u2019atmosfera intima e suggestiva.\" \/>\n<img decoding=\"async\" class=\"\" src=\"https:\/\/www.lapostahotel.it\/wp-content\/uploads\/2025\/12\/Italy-Tuscany-2-2.jpg\" alt=\"veduta della camera\" \/>\n<img decoding=\"async\" class=\"\" src=\"https:\/\/www.lapostahotel.it\/wp-content\/uploads\/2026\/04\/0005_Backstage-Kintsugi-2026-6-2.jpg\" alt=\"trattamento al viso\" \/>\n<img decoding=\"async\" class=\"\" src=\"https:\/\/www.lapostahotel.it\/wp-content\/uploads\/2025\/10\/0058_Spazi-Wedding-La-Posta-2025-58.jpg\" alt=\"Elegante sala ristorante con ampie vetrate ad arco che incorniciano un panorama mozzafiato sulle colline verdi. Tavoli rotondi e quadrati vestiti di tovaglie bianche sono apparecchiati con cura, impreziositi da composizioni floreali delicate. Le sedie imbottite rosse aggiungono un tocco classico e raffinato all\u2019ambiente, illuminato dalla luce calda del sole che entra dalle finestre. Atmosfera romantica e panoramica, ideale per una cena esclusiva.\" \/>\n\t\t\t\t\t\t\t\t\t<\/div>\n\t\t\t\t\t\t\t\t\t<div class=\"col-lg-4 d-lg-block d-none features-carousel-color order-first\"><\/div>\n\t\t\t\t\t\t\t\t<\/div>\n\t\t\t\t\t\t\t\t<div id=\"features-carousel-69f5c7dda33f0\" class=\"features-slider carousel slide\" data-bs-ride=\"carousel\" data-bs-interval=\"10000\">\n\t\t\t\t\t\t\t\t\t<div class=\"carousel-inner white-bg-deco\">\n\t\t\t\t\t\t\t\t\t\t<div data-index=\"0\" class=\"features-item carousel-item item active p-4\">\n\t\t\t\t\t\t\t<div class=\"features-item-table\">\n\t\t\t\t\t\t\t\t<span class=\"features-item-table-item\">\n\t\t\t\t\t\t\t\t\t<h3 class=\"deco-title mb-2\"><span class=\"deco-eylet\">Comfort Day Use<\/span><span>Wellness im Spa. Und ein Zimmer ganz f\u00fcr sich allein. <\/span><\/h3>\n\t\t\t\t\t\t\t\t\t<div class=\"features-item-text\">G\u00f6nnen Sie sich eine zeitlose Auszeit, in der Wellness auf Eleganz trifft und jedes Detail auf Ihr Wohlbefinden ausgerichtet ist. Unsere Spa-Erlebnisse mit Begleitraum erm\u00f6glichen Ihnen einen erholsamen Tag mit dem gewissen Extra, das ihn zu etwas ganz Besonderem macht. <br><br><strong style=\"color:#A08629; cursor:pointer;\" data-bs-target=\"#features-carousel-69f5c7dda33f0\" data-bs-slide=\"next\">Unsere Comfort Day Use-Angebote <i class=\"fas fa-angle-double-right\"><\/i><\/strong><\/div>\n\t\t\t\t\t\t\t\t\t\n\t\t\t\t\t\t\t\t\t\n\t\t\t\t\t\t\t\t<\/span>\n\t\t\t\t\t\t\t<\/div>\n\t\t\t\t\t\t<\/div>\n<div data-index=\"1\" class=\"features-item carousel-item item p-4\">\n\t\t\t\t\t\t\t<div class=\"features-item-table\">\n\t\t\t\t\t\t\t\t<span class=\"features-item-table-item\">\n\t\t\t\t\t\t\t\t\t<h3 class=\"deco-title mb-2\"><span class=\"deco-eylet\">Comfort Day Use<\/span><span>Thermentag mit Tageszimmer \u2013 199\u202f\u20ac<\/span><\/h3>\n\t\t\t\t\t\t\t\t\t<div class=\"features-item-text\">Genie\u00dfen Sie den ganzen Tag \u00fcber freien Zugang zu unserer Wohlf\u00fchloase \u2013 inklusive eines privaten Zimmers, in dem Sie sich in vollkommener Ruhe entspannen k\u00f6nnen.<\/div>\n\t\t\t\t\t\t\t\t\t\n\t\t\t\t\t\t\t\t\t<div class=\"button-wrapper\"><a class=\"btn btn-default\" href=\"https:\/\/reservations.verticalbooking.com\/sp_risultati_trattamenti.htm?dc=8527&id_albergo=26677&id_affiliazione=&id_profilo_pms=0&codice_pren_esterna=&codice_personale=&date_fisse=&id_stile=20354&lingua_int=ita&tst_prntz=&cat_service_5=on\"  title=\"Buchen Sie ihren Wohlf\u00fchltag\">Buchen Sie ihren Wohlf\u00fchltag<\/a><\/div>\n\t\t\t\t\t\t\t\t<\/span>\n\t\t\t\t\t\t\t<\/div>\n\t\t\t\t\t\t<\/div>\n<div data-index=\"2\" class=\"features-item carousel-item item p-4\">\n\t\t\t\t\t\t\t<div class=\"features-item-table\">\n\t\t\t\t\t\t\t\t<span class=\"features-item-table-item\">\n\t\t\t\t\t\t\t\t\t<h3 class=\"deco-title mb-2\"><span class=\"deco-eylet\">Comfort Day Use<\/span><span>Thermentag mit Tageszimmer und Massage\/Behandlung (25 Min) \u2013 299\u202f\u20ac<\/span><\/h3>\n\t\t\t\t\t\t\t\t\t<div class=\"features-item-text\">Rundum-Erholung: ein ganzer Tag in der Therme, ein komfortables Zimmer zur Verf\u00fcgung und eine wohltuende 25-min\u00fctige Behandlung f\u00fcr K\u00f6rper und Geist.<\/div>\n\t\t\t\t\t\t\t\t\t\n\t\t\t\t\t\t\t\t\t<div class=\"button-wrapper\"><a class=\"btn btn-default\" href=\"https:\/\/reservations.verticalbooking.com\/sp_risultati_trattamenti.htm?dc=8527&id_albergo=26677&id_affiliazione=&id_profilo_pms=0&codice_pren_esterna=&codice_personale=&date_fisse=&id_stile=20354&lingua_int=ita&tst_prntz=&cat_service_5=on\"  title=\"Buchen Sie ihren Wohlf\u00fchltag\">Buchen Sie ihren Wohlf\u00fchltag<\/a><\/div>\n\t\t\t\t\t\t\t\t<\/span>\n\t\t\t\t\t\t\t<\/div>\n\t\t\t\t\t\t<\/div>\n<div data-index=\"3\" class=\"features-item carousel-item item p-4\">\n\t\t\t\t\t\t\t<div class=\"features-item-table\">\n\t\t\t\t\t\t\t\t<span class=\"features-item-table-item\">\n\t\t\t\t\t\t\t\t\t<h3 class=\"deco-title mb-2\"><span class=\"deco-eylet\">Comfort Day Use<\/span><span>Thermentag mit Tageszimmer und Dinner mit Ausblick \u2013 299\u202f\u20ac<\/span><\/h3>\n\t\t\t\t\t\t\t\t\t<div class=\"features-item-text\">Lassen Sie nach einem Tag der Entspannung den Abend bei einem Panorama-Dinner ausklingen \u2013 wo kulinarischer Genuss auf atemberaubende Ausblicke trifft.<\/div>\n\t\t\t\t\t\t\t\t\t\n\t\t\t\t\t\t\t\t\t<div class=\"button-wrapper\"><a class=\"btn btn-default\" href=\"https:\/\/reservations.verticalbooking.com\/sp_risultati_trattamenti.htm?dc=8527&id_albergo=26677&id_affiliazione=&id_profilo_pms=0&codice_pren_esterna=&codice_personale=&date_fisse=&id_stile=20354&lingua_int=ita&tst_prntz=&cat_service_5=on\"  title=\"Buchen Sie ihren Wohlf\u00fchltag\">Buchen Sie ihren Wohlf\u00fchltag<\/a><\/div>\n\t\t\t\t\t\t\t\t<\/span>\n\t\t\t\t\t\t\t<\/div>\n\t\t\t\t\t\t<\/div>\n\t\t\t\t\t\t\t\t\t<\/div>\n\t\t\t\t\t\t\t\t\t\n\t\t\t\t\t\t\t\t\t<div class=\"carousel-indicators carousel-bullets\">\n\t\t\t\t\t\t\t\t\t\t<button type=\"button\" data-bs-target=\"#features-carousel-69f5c7dda33f0\" data-bs-slide-to=\"0\" class=\"active\" aria-current=\"true\" aria-label=\"Go to slide no. 1\"><\/button>\n<button type=\"button\" data-bs-target=\"#features-carousel-69f5c7dda33f0\" data-bs-slide-to=\"1\" class=\"\" aria-current=\"false\" aria-label=\"Go to slide no. 2\"><\/button>\n<button type=\"button\" data-bs-target=\"#features-carousel-69f5c7dda33f0\" data-bs-slide-to=\"2\" class=\"\" aria-current=\"false\" aria-label=\"Go to slide no. 3\"><\/button>\n<button type=\"button\" data-bs-target=\"#features-carousel-69f5c7dda33f0\" data-bs-slide-to=\"3\" class=\"\" aria-current=\"false\" aria-label=\"Go to slide no. 4\"><\/button>\n\t\t\t\t\t\t\t\t\t<\/div>\n\t\t\t\t\t\t\t\t\t\n\t\t\t\t\t\t\t\t<\/div>\n\t\t\t\t\t\t\t<\/div>\n\t\t\t\t\t\t<\/div>[\/vc_column][\/vc_row][vc_row css=&#8221;.vc_custom_1739211498883{padding-top: 2em !important;padding-bottom: 2em !important;}&#8221;][vc_column]<div id=\"le-nostre-esperienze-di-benessere\" class=\"feature-carousel-wrapper\">\n\t\t\t\t\t\t\t\t<link rel=\"preload\" as=\"image\" href=\"https:\/\/www.lapostahotel.it\/wp-content\/uploads\/2025\/12\/0011_AP-11-2.jpg\">\n\t\t\t\t\t\t\t\t<div class=\"features-carousel\" style=\"--features-carousel-color:#E8E2F0;\">\n\t\t\t\t\t\t\t\t\t<div class=\"row g-0\">\n\t\t\t\t\t\t\t\t\t\t<div class=\"col-lg-8 col-12 features-carousel-cycler\">\n\t\t\t\t\t\t\t\t\t\t\t<img decoding=\"async\" class=\"active\" src=\"https:\/\/www.lapostahotel.it\/wp-content\/uploads\/2025\/12\/0011_AP-11-2.jpg\" alt=\"Due persone sedute in posizione meditativa sul bordo di una piscina termale avvolta dalla foschia del mattino. Le loro silhouette si stagliano contro il paesaggio collinare della Val d\u2019Orcia all\u2019alba, con ombrelloni e profili di alberi sullo sfondo. Atmosfera silenziosa, contemplativa e profondamente rilassante.\" \/>\n\t\t\t\t\t\t\t\t\t\t<\/div>\n\t\t\t\t\t\t\t\t\t\t<div class=\"col-lg-4 d-lg-block d-none features-carousel-color\"><\/div>\n\t\t\t\t\t\t\t\t\t<\/div>\n\t\t\t\t\t\t\t\t\t<div id=\"features-carousel-69f5c7dda66bb\" class=\"features-slider carousel slide\" data-bs-ride=\"carousel\" data-bs-interval=\"10000\">\n\t\t\t\t\t\t\t\t\t\t<div class=\"carousel-inner white-bg-deco\">\n\t\t\t\t\t\t\t\t\t\t\t<div data-index=\"0\" class=\"features-item carousel-item item active p-4\">\n\t\t\t\t\t\t\t\t<div class=\"features-item-table\">\n\t\t\t\t\t\t\t\t\t<div class=\"features-item-table-item\">\n\t\t\t\t\t\t\t\t\t\t<h3 class=\"deco-title mb-2\"><span class=\"deco-eylet\">Unsere Wellness-Erlebnisse<\/span><span>Finde dich selbst wieder<\/span><\/h3>\n\t\t\t\t\t\t\t\t\t\t<div class=\"features-item-text\">Hereinst\u00fcrmen und innehalten. Hier verlangsamt sich die Zeit, um Raum zu schaffen f\u00fcr das H\u00f6ren von Kl\u00e4ngen, das Betrachten von Aussichten und das Genie\u00dfen von Aromen und Emotionen. Unsere Einladung ist eine Reise zu Achtsamkeit und Selbstf\u00fcrsorge, an einem Ort, an dem kreatives Nichtstun zur Kunstform wird.  \n\nZugang zu den Thermalbecken von Bagno Vignoni (28\u00b0C und 38\u00b0C), Wasserf\u00e4llen f\u00fcr Nackenmassagen, Hydromassage, Sauna, Entspannungsbereich und Au\u00dfenpark.\nFrisches Obst, Kr\u00e4utertees und ein Saft Ihrer Wahl aus unserem Men\u00fc.\n25-min\u00fctige, personalisierte Gesichts- oder Fu\u00dfmassage.\n130\u20ac pro Person.<\/div>\n\t\t\t\t\t\t\t\t\t\t<div class=\"button-wrapper sinistra\">\n\t\t\t\t<button type=\"button\" data-target=\"cta-modal-69f5c7dda68f8\" data-unique=\"69f5c7dda68f8\" data-label=\"SPA-Informationen anfordern\" data-form=\"5124\" class=\"btn btn-default ajax-modal\" title=\"SPA-Informationen anfordern\">SPA-Informationen anfordern<\/button>\n\t\t\t<\/div>\n\t\t\t\t\t\t\t\t\t\t\n\t\t\t\t\t\t\t\t\t<\/div>\n\t\t\t\t\t\t\t\t<\/div>\n\t\t\t\t\t\t\t<\/div>\n\t\t\t\t\t\t\t\t\t\t<\/div>\n\t\t\t\t\t\t\t\t\t\t\n\t\t\t\t\t\t\t\t\t<\/div>\n\t\t\t\t\t\t\t\t<\/div>\n\t\t\t\t\t\t\t<\/div>[\/vc_column][\/vc_row][vc_row css=&#8221;.vc_custom_1739211508794{padding-top: 2em !important;padding-bottom: 2em !important;}&#8221;][vc_column]<div id=\"le-nostre-esperienze-di-benessere\" class=\"feature-carousel-wrapper reverse\">\n\t\t\t\t\t\t\t\t<link rel=\"preload\" as=\"image\" href=\"https:\/\/www.lapostahotel.it\/wp-content\/uploads\/2025\/12\/0085_stefano_butturini-apm2020-182-2.jpg\">\n\t\t\t\t\t\t\t\t<div class=\"features-carousel\" style=\"--features-carousel-color:#BBDAA9;\">\n\t\t\t\t\t\t\t\t\t<div class=\"row g-0\">\n\t\t\t\t\t\t\t\t\t\t<div class=\"col-lg-8 col-12 features-carousel-cycler order-last\">\n\t\t\t\t\t\t\t\t\t\t\t<img decoding=\"async\" class=\"active\" src=\"https:\/\/www.lapostahotel.it\/wp-content\/uploads\/2025\/12\/0085_stefano_butturini-apm2020-182-2.jpg\" alt=\"Vista dall\u2019alto di una persona con cuffia rossa che nuota in acqua verde smeraldo, con le braccia aperte mentre crea vortici e increspature intorno a s\u00e9. L\u2019immagine trasmette energia, libert\u00e0 e movimento all\u2019interno di una vasca termale.\" \/>\n\t\t\t\t\t\t\t\t\t\t<\/div>\n\t\t\t\t\t\t\t\t\t\t<div class=\"col-lg-4 d-lg-block d-none features-carousel-color order-first\"><\/div>\n\t\t\t\t\t\t\t\t\t<\/div>\n\t\t\t\t\t\t\t\t\t<div id=\"features-carousel-69f5c7dda6d53\" class=\"features-slider carousel slide\" data-bs-ride=\"carousel\" data-bs-interval=\"10000\">\n\t\t\t\t\t\t\t\t\t\t<div class=\"carousel-inner white-bg-deco\">\n\t\t\t\t\t\t\t\t\t\t\t<div data-index=\"0\" class=\"features-item carousel-item item active p-4\">\n\t\t\t\t\t\t\t\t<div class=\"features-item-table\">\n\t\t\t\t\t\t\t\t\t<div class=\"features-item-table-item\">\n\t\t\t\t\t\t\t\t\t\t<h3 class=\"deco-title mb-2\"><span class=\"deco-eylet\">Unsere Wellness-Erlebnisse<\/span><span>Dolce vita<\/span><\/h3>\n\t\t\t\t\t\t\t\t\t\t<div class=\"features-item-text\">Tra antiche vasche etrusche e acque benefiche, riscopriamo ci\u00f2 che la storia insegna: la natura \u00e8 il primo medico del corpo e dell\u2019anima. Questo percorso benessere \u00e8 un viaggio verso la felicit\u00e0, la salute, la bellezza e l\u2019amore. \n\nZugang zu den Thermalbecken von Bagno Vignoni (28\u00b0C und 38\u00b0C), Wasserf\u00e4llen f\u00fcr Nackenmassagen, Hydromassage, Sauna, Entspannungsbereich und Au\u00dfenpark.\nFrisches Obst, Kr\u00e4utertees, ein Saft nach Wahl aus unserem Men\u00fc oder ein Getr\u00e4nk sowie ein Spa-Lunch.\n50-min\u00fctige entspannende K\u00f6rpermassage oder Gesichtsbehandlung.\n215\u20ac pro Person.<\/div>\n\t\t\t\t\t\t\t\t\t\t<div class=\"button-wrapper sinistra\">\n\t\t\t\t<button type=\"button\" data-target=\"cta-modal-69f5c7dda6ead\" data-unique=\"69f5c7dda6ead\" data-label=\"SPA-Informationen anfordern\" data-form=\"5124\" class=\"btn btn-default ajax-modal\" title=\"SPA-Informationen anfordern\">SPA-Informationen anfordern<\/button>\n\t\t\t<\/div>\n\t\t\t\t\t\t\t\t\t\t\n\t\t\t\t\t\t\t\t\t<\/div>\n\t\t\t\t\t\t\t\t<\/div>\n\t\t\t\t\t\t\t<\/div>\n\t\t\t\t\t\t\t\t\t\t<\/div>\n\t\t\t\t\t\t\t\t\t\t\n\t\t\t\t\t\t\t\t\t<\/div>\n\t\t\t\t\t\t\t\t<\/div>\n\t\t\t\t\t\t\t<\/div>[\/vc_column][\/vc_row][vc_row css=&#8221;.vc_custom_1739211515930{padding-top: 2em !important;padding-bottom: 2em !important;}&#8221;][vc_column]<div id=\"le-nostre-esperienze-di-benessere\" class=\"feature-carousel-wrapper\">\n\t\t\t\t\t\t\t\t<link rel=\"preload\" as=\"image\" href=\"https:\/\/www.lapostahotel.it\/wp-content\/uploads\/2026\/04\/0010_La-Posta-III-Parte-Marzo-2026-10-2.jpg\">\n\t\t\t\t\t\t\t\t<div class=\"features-carousel\" style=\"--features-carousel-color:#5E0000;\">\n\t\t\t\t\t\t\t\t\t<div class=\"row g-0\">\n\t\t\t\t\t\t\t\t\t\t<div class=\"col-lg-8 col-12 features-carousel-cycler\">\n\t\t\t\t\t\t\t\t\t\t\t<img decoding=\"async\" class=\"active\" src=\"https:\/\/www.lapostahotel.it\/wp-content\/uploads\/2026\/04\/0010_La-Posta-III-Parte-Marzo-2026-10-2.jpg\" alt=\"Ragazza sotto la cascata di acqua termale nella vasca interna\" \/>\n\t\t\t\t\t\t\t\t\t\t<\/div>\n\t\t\t\t\t\t\t\t\t\t<div class=\"col-lg-4 d-lg-block d-none features-carousel-color\"><\/div>\n\t\t\t\t\t\t\t\t\t<\/div>\n\t\t\t\t\t\t\t\t\t<div id=\"features-carousel-69f5c7dda7109\" class=\"features-slider carousel slide\" data-bs-ride=\"carousel\" data-bs-interval=\"10000\">\n\t\t\t\t\t\t\t\t\t\t<div class=\"carousel-inner white-bg-deco\">\n\t\t\t\t\t\t\t\t\t\t\t<div data-index=\"0\" class=\"features-item carousel-item item active p-4\">\n\t\t\t\t\t\t\t\t<div class=\"features-item-table\">\n\t\t\t\t\t\t\t\t\t<div class=\"features-item-table-item\">\n\t\t\t\t\t\t\t\t\t\t<h3 class=\"deco-title mb-2\"><span class=\"deco-eylet\">Unsere Wellness-Erlebnisse<\/span><span>Das exklusive Spa<\/span><\/h3>\n\t\t\t\t\t\t\t\t\t\t<div class=\"features-item-text\">Stellen Sie sich eine Spa vor, die nur f\u00fcr Sie und Ihre Liebsten reserviert ist.\nEine wertvolle und ruhige Zeit, in der die Welt drau\u00dfen bleibt, w\u00e4hrend Ruhe, Genuss und Intimit\u00e4t die Oberhand gewinnen.\n\nDie R\u00e4ume des Wohlbefindens\nEin exklusives Erlebnis, das umfasst:\n\nSaunen, Whirlpool, Thermalbecken mit Hydromassaged\u00fcsen, Salzgrotte und Dampfbad.\nWasserbetten, Entspannungsbereich, Teeecke mit frischem Obst und ein Sektempfang.\nAbendzugang von 20:00 bis 22:45 Uhr (ausgenommen freitags und samstags).<br>150 \u20ac pro Person, mindestens 2 Personen.<\/div>\n\t\t\t\t\t\t\t\t\t\t\n\t\t\t\t\t\t\t\t\t\t<div class=\"button-wrapper\"><a class=\"btn btn-default\" href=\"https:\/\/reservations.verticalbooking.com\/\/sp_prenota_trattamenti.htm?lingua_int=de&id_stile=20354&id_albergo=26677&dc=8527&_gl=1*17tvm74*_gcl_au*MTkxNDk0NTU4OS4xNzM2NDE4NTI4*_ga*MjA1NDQyNTY1MS4xNzM2NDE0ODI3*_ga_JE3J5JBCFL*MTczOTIwMzM4OS4yMy4xLjE3MzkyMDc3NzMuNjAuMC4xNDAwMjU2Nzkw\" target=\"_blank\" title=\"Buchen Sie Jetzt\">Buchen Sie Jetzt<\/a><\/div>\n\t\t\t\t\t\t\t\t\t<\/div>\n\t\t\t\t\t\t\t\t<\/div>\n\t\t\t\t\t\t\t<\/div>\n\t\t\t\t\t\t\t\t\t\t<\/div>\n\t\t\t\t\t\t\t\t\t\t\n\t\t\t\t\t\t\t\t\t<\/div>\n\t\t\t\t\t\t\t\t<\/div>\n\t\t\t\t\t\t\t<\/div>[\/vc_column][\/vc_row][vc_row css=&#8221;.vc_custom_1739210455417{padding-top: 2em !important;padding-bottom: 2em !important;}&#8221;][vc_column]<div id=\"sapori-di-benessere\" class=\"feature-carousel-wrapper reverse\">\n\t\t\t\t\t\t\t\t<link rel=\"preload\" as=\"image\" href=\"https:\/\/www.lapostahotel.it\/wp-content\/uploads\/2026\/02\/Il-Chiosco-2.jpg\">\n\t\t\t\t\t\t\t\t<div class=\"features-carousel\" style=\"--features-carousel-color:#D0DF8F;\">\n\t\t\t\t\t\t\t\t\t<div class=\"row g-0\">\n\t\t\t\t\t\t\t\t\t\t<div class=\"col-lg-8 col-12 features-carousel-cycler order-last\">\n\t\t\t\t\t\t\t\t\t\t\t<img decoding=\"async\" class=\"active\" src=\"https:\/\/www.lapostahotel.it\/wp-content\/uploads\/2026\/02\/Il-Chiosco-2.jpg\" alt=\"veduta del dehor esterno\" \/>\n\t\t\t\t\t\t\t\t\t\t<\/div>\n\t\t\t\t\t\t\t\t\t\t<div class=\"col-lg-4 d-lg-block d-none features-carousel-color order-first\"><\/div>\n\t\t\t\t\t\t\t\t\t<\/div>\n\t\t\t\t\t\t\t\t\t<div id=\"features-carousel-69f5c7dda7378\" class=\"features-slider carousel slide\" data-bs-ride=\"carousel\" data-bs-interval=\"10000\">\n\t\t\t\t\t\t\t\t\t\t<div class=\"carousel-inner white-bg-deco\">\n\t\t\t\t\t\t\t\t\t\t\t<div data-index=\"0\" class=\"features-item carousel-item item active p-4\">\n\t\t\t\t\t\t\t\t<div class=\"features-item-table\">\n\t\t\t\t\t\t\t\t\t<div class=\"features-item-table-item\">\n\t\t\t\t\t\t\t\t\t\t<h3 class=\"deco-title mb-2\"><span>Aromen des Wohlbefindens<\/span><\/h3>\n\t\t\t\t\t\t\t\t\t\t<div class=\"features-item-text\">Um Ihnen die Magie unseres Hauses in vollen Z\u00fcgen erleben zu lassen, haben wir diverse Optionen ausgew\u00e4hlt, mit denen Sie die K\u00f6stlichkeiten der Region genie\u00dfen k\u00f6nnen. Ein Tag voller Wellness von Kopf bis Fu\u00df, mit Zugang zu den drei Au\u00dfenthermalbecken sowie der Nutzung der Umkleider\u00e4ume mit Duschen, Haartrocknern, Schlie\u00dff\u00e4chern und K\u00f6rperpflegeprodukten. F\u00fcr maximalen Komfort stehen eine Liege, ein Bademantel, ein Handtuch und eine Badekappe (Pflicht, nicht im Preis inbegriffen) zur Verf\u00fcgung. Das Mittagessen, das am Chiosco oder auf der Veranda serviert wird, umfasst ein Gericht Ihrer Wahl und ein Dessert (Getr\u00e4nke ausgeschlossen). Bitte beachten Sie, dass jeden Donnerstag wegen Wartungsarbeiten eines der drei Becken nicht verf\u00fcgbar ist.<\/div>\n\t\t\t\t\t\t\t\t\t\t\n\t\t\t\t\t\t\t\t\t\t<div class=\"button-wrapper\"><a class=\"btn btn-default\" href=\"https:\/\/reservations.verticalbooking.com\/\/sp_prenota_trattamenti.htm?lingua_int=de&id_stile=20354&id_albergo=26677&dc=8527&_gl=1*17tvm74*_gcl_au*MTkxNDk0NTU4OS4xNzM2NDE4NTI4*_ga*MjA1NDQyNTY1MS4xNzM2NDE0ODI3*_ga_JE3J5JBCFL*MTczOTIwMzM4OS4yMy4xLjE3MzkyMDc3NzMuNjAuMC4xNDAwMjU2Nzkw\" target=\"_blank\" title=\"Buchen Sie Jetzt\">Buchen Sie Jetzt<\/a><\/div>\n\t\t\t\t\t\t\t\t\t<\/div>\n\t\t\t\t\t\t\t\t<\/div>\n\t\t\t\t\t\t\t<\/div>\n\t\t\t\t\t\t\t\t\t\t<\/div>\n\t\t\t\t\t\t\t\t\t\t\n\t\t\t\t\t\t\t\t\t<\/div>\n\t\t\t\t\t\t\t\t<\/div>\n\t\t\t\t\t\t\t<\/div>[\/vc_column][\/vc_row]<\/p>\n<\/div>","protected":false},"excerpt":{"rendered":"<p>[vc_row full_width=&#8221;stretch_row_content_no_spaces&#8221; content_placement=&#8221;middle&#8221; parallax=&#8221;content-moving&#8221; parallax_speed_bg=&#8221;1.3&#8243; css=&#8221;.vc_custom_1739209400801{padding-top: 3em !important;padding-bottom: 3em !important;background-color: #FFFFFF !important;background-position: 0 0;background-repeat: no-repeat !important;}&#8221;][vc_column width=&#8221;5\/6&#8243; offset=&#8221;vc_col-lg-offset-3 vc_col-lg-6 vc_col-md-offset-2 vc_col-md-8 vc_col-sm-offset-1 vc_col-xs-offset-1 vc_col-xs-10&#8243;][vc_column_text css=&#8221;&#8221; el_class=&#8221;text-big&#8221;] Ob f\u00fcr einen ganzen Tag oder nur einen Teil davon \u2013 wir laden Sie ein, die Augen zu schlie\u00dfen und die Val d&#8217;Orcia einzuatmen, w\u00e4hrend das sanfte Rauschen des [&hellip;]<\/p>\n","protected":false},"author":1,"featured_media":2052,"parent":1534,"menu_order":0,"comment_status":"closed","ping_status":"closed","template":"","meta":{"_acf_changed":false,"footnotes":""},"class_list":["post-1558","page","type-page","status-publish","has-post-thumbnail","hentry"],"acf":[],"yoast_head":"<!-- This site is optimized with the Yoast SEO plugin v27.5 - https:\/\/yoast.com\/product\/yoast-seo-wordpress\/ -->\n<title>Bagno Vignoni Spa Day Spa | La Posta 5-Sterne-Hotel<\/title>\n<meta name=\"description\" content=\"Verbringen Sie einen Tag im Zeichen des Wohlbefindens und entdecken Sie, wie eng Freizeit und Selbstbewusstsein miteinander verbunden sind.\" \/>\n<meta name=\"robots\" content=\"index, follow, max-snippet:-1, max-image-preview:large, max-video-preview:-1\" \/>\n<link rel=\"canonical\" href=\"https:\/\/www.lapostahotel.it\/de\/therme-und-spa\/day-spa\/\" \/>\n<meta property=\"og:locale\" content=\"de_DE\" \/>\n<meta property=\"og:type\" content=\"article\" \/>\n<meta property=\"og:title\" content=\"Bagno Vignoni Spa Day Spa | La Posta 5-Sterne-Hotel\" \/>\n<meta property=\"og:description\" content=\"Verbringen Sie einen Tag im Zeichen des Wohlbefindens und entdecken Sie, wie eng Freizeit und Selbstbewusstsein miteinander verbunden sind.\" \/>\n<meta property=\"og:url\" content=\"https:\/\/www.lapostahotel.it\/de\/therme-und-spa\/day-spa\/\" \/>\n<meta property=\"og:site_name\" content=\"La Posta Hotel\" \/>\n<meta property=\"article:publisher\" content=\"https:\/\/www.facebook.com\/albergopostamarcucci\" \/>\n<meta property=\"article:modified_time\" content=\"2026-04-02T12:57:44+00:00\" \/>\n<meta property=\"og:image\" content=\"https:\/\/www.lapostahotel.it\/wp-content\/uploads\/2024\/03\/0008_Posta-Marcucci-EsterniDintorni-Febbraio-2024.-I-Scelta-8-scaled.jpg\" \/>\n\t<meta property=\"og:image:width\" content=\"1920\" \/>\n\t<meta property=\"og:image:height\" content=\"2560\" \/>\n\t<meta property=\"og:image:type\" content=\"image\/jpeg\" \/>\n<meta name=\"twitter:card\" content=\"summary_large_image\" \/>\n<meta name=\"twitter:label1\" content=\"Gesch\u00e4tzte Lesezeit\" \/>\n\t<meta name=\"twitter:data1\" content=\"10\u00a0Minuten\" \/>\n<!-- \/ Yoast SEO plugin. -->","yoast_head_json":{"title":"Bagno Vignoni Spa Day Spa | La Posta 5-Sterne-Hotel","description":"Verbringen Sie einen Tag im Zeichen des Wohlbefindens und entdecken Sie, wie eng Freizeit und Selbstbewusstsein miteinander verbunden sind.","robots":{"index":"index","follow":"follow","max-snippet":"max-snippet:-1","max-image-preview":"max-image-preview:large","max-video-preview":"max-video-preview:-1"},"canonical":"https:\/\/www.lapostahotel.it\/de\/therme-und-spa\/day-spa\/","og_locale":"de_DE","og_type":"article","og_title":"Bagno Vignoni Spa Day Spa | La Posta 5-Sterne-Hotel","og_description":"Verbringen Sie einen Tag im Zeichen des Wohlbefindens und entdecken Sie, wie eng Freizeit und Selbstbewusstsein miteinander verbunden sind.","og_url":"https:\/\/www.lapostahotel.it\/de\/therme-und-spa\/day-spa\/","og_site_name":"La Posta Hotel","article_publisher":"https:\/\/www.facebook.com\/albergopostamarcucci","article_modified_time":"2026-04-02T12:57:44+00:00","og_image":[{"width":1920,"height":2560,"url":"https:\/\/www.lapostahotel.it\/wp-content\/uploads\/2024\/03\/0008_Posta-Marcucci-EsterniDintorni-Febbraio-2024.-I-Scelta-8-scaled.jpg","type":"image\/jpeg"}],"twitter_card":"summary_large_image","twitter_misc":{"Gesch\u00e4tzte Lesezeit":"10\u00a0Minuten"},"schema":{"@context":"https:\/\/schema.org","@graph":[{"@type":"WebPage","@id":"https:\/\/www.lapostahotel.it\/de\/therme-und-spa\/day-spa\/","url":"https:\/\/www.lapostahotel.it\/de\/therme-und-spa\/day-spa\/","name":"Bagno Vignoni Spa Day Spa | La Posta 5-Sterne-Hotel","isPartOf":{"@id":"https:\/\/www.lapostahotel.it\/de\/#website"},"primaryImageOfPage":{"@id":"https:\/\/www.lapostahotel.it\/de\/therme-und-spa\/day-spa\/#primaryimage"},"image":{"@id":"https:\/\/www.lapostahotel.it\/de\/therme-und-spa\/day-spa\/#primaryimage"},"thumbnailUrl":"https:\/\/www.lapostahotel.it\/wp-content\/uploads\/2024\/03\/0008_Posta-Marcucci-EsterniDintorni-Febbraio-2024.-I-Scelta-8-scaled.jpg","datePublished":"2023-10-19T12:37:01+00:00","dateModified":"2026-04-02T12:57:44+00:00","description":"Verbringen Sie einen Tag im Zeichen des Wohlbefindens und entdecken Sie, wie eng Freizeit und Selbstbewusstsein miteinander verbunden sind.","breadcrumb":{"@id":"https:\/\/www.lapostahotel.it\/de\/therme-und-spa\/day-spa\/#breadcrumb"},"inLanguage":"de","potentialAction":[{"@type":"ReadAction","target":["https:\/\/www.lapostahotel.it\/de\/therme-und-spa\/day-spa\/"]}]},{"@type":"ImageObject","inLanguage":"de","@id":"https:\/\/www.lapostahotel.it\/de\/therme-und-spa\/day-spa\/#primaryimage","url":"https:\/\/www.lapostahotel.it\/wp-content\/uploads\/2024\/03\/0008_Posta-Marcucci-EsterniDintorni-Febbraio-2024.-I-Scelta-8-scaled.jpg","contentUrl":"https:\/\/www.lapostahotel.it\/wp-content\/uploads\/2024\/03\/0008_Posta-Marcucci-EsterniDintorni-Febbraio-2024.-I-Scelta-8-scaled.jpg","width":1920,"height":2560,"caption":"dettaglio dell'acqua termale fumante"},{"@type":"BreadcrumbList","@id":"https:\/\/www.lapostahotel.it\/de\/therme-und-spa\/day-spa\/#breadcrumb","itemListElement":[{"@type":"ListItem","position":1,"name":"Home","item":"https:\/\/www.lapostahotel.it\/de\/"},{"@type":"ListItem","position":2,"name":"Therme und Spa","item":"https:\/\/www.lapostahotel.it\/de\/therme-und-spa\/"},{"@type":"ListItem","position":3,"name":"Day SPA"}]},{"@type":"WebSite","@id":"https:\/\/www.lapostahotel.it\/de\/#website","url":"https:\/\/www.lapostahotel.it\/de\/","name":"La Posta","description":"Hotel &amp; Thermal spa","publisher":{"@id":"https:\/\/www.lapostahotel.it\/de\/#organization"},"alternateName":"Hotel La Posta","potentialAction":[{"@type":"SearchAction","target":{"@type":"EntryPoint","urlTemplate":"https:\/\/www.lapostahotel.it\/de\/?s={search_term_string}"},"query-input":{"@type":"PropertyValueSpecification","valueRequired":true,"valueName":"search_term_string"}}],"inLanguage":"de"},{"@type":"Organization","@id":"https:\/\/www.lapostahotel.it\/de\/#organization","name":"La Posta","alternateName":"Hotel La Posta","url":"https:\/\/www.lapostahotel.it\/de\/","logo":{"@type":"ImageObject","inLanguage":"de","@id":"https:\/\/www.lapostahotel.it\/de\/#\/schema\/logo\/image\/","url":"https:\/\/www.lapostahotel.it\/wp-content\/uploads\/2025\/01\/la-posta-hotel-val-dorcia-toscana-900x900-1.jpg","contentUrl":"https:\/\/www.lapostahotel.it\/wp-content\/uploads\/2025\/01\/la-posta-hotel-val-dorcia-toscana-900x900-1.jpg","width":900,"height":900,"caption":"La Posta"},"image":{"@id":"https:\/\/www.lapostahotel.it\/de\/#\/schema\/logo\/image\/"},"sameAs":["https:\/\/www.facebook.com\/albergopostamarcucci","https:\/\/www.instagram.com\/albergopostamarcucci\/"]}]}},"_links":{"self":[{"href":"https:\/\/www.lapostahotel.it\/de\/wp-json\/wp\/v2\/pages\/1558","targetHints":{"allow":["GET"]}}],"collection":[{"href":"https:\/\/www.lapostahotel.it\/de\/wp-json\/wp\/v2\/pages"}],"about":[{"href":"https:\/\/www.lapostahotel.it\/de\/wp-json\/wp\/v2\/types\/page"}],"author":[{"embeddable":true,"href":"https:\/\/www.lapostahotel.it\/de\/wp-json\/wp\/v2\/users\/1"}],"replies":[{"embeddable":true,"href":"https:\/\/www.lapostahotel.it\/de\/wp-json\/wp\/v2\/comments?post=1558"}],"version-history":[{"count":77,"href":"https:\/\/www.lapostahotel.it\/de\/wp-json\/wp\/v2\/pages\/1558\/revisions"}],"predecessor-version":[{"id":7444,"href":"https:\/\/www.lapostahotel.it\/de\/wp-json\/wp\/v2\/pages\/1558\/revisions\/7444"}],"up":[{"embeddable":true,"href":"https:\/\/www.lapostahotel.it\/de\/wp-json\/wp\/v2\/pages\/1534"}],"wp:featuredmedia":[{"embeddable":true,"href":"https:\/\/www.lapostahotel.it\/de\/wp-json\/wp\/v2\/media\/2052"}],"wp:attachment":[{"href":"https:\/\/www.lapostahotel.it\/de\/wp-json\/wp\/v2\/media?parent=1558"}],"curies":[{"name":"wp","href":"https:\/\/api.w.org\/{rel}","templated":true}]}}